{"version":"1.0","provider_name":"Wurll Jasper + Kollegen","provider_url":"https:\/\/wurll-jasper.de\/en\/","author_name":"Testnutzer","author_url":"https:\/\/wurll-jasper.de\/en\/author\/testnutzer\/","title":"Jetzt auch in NRW: Anspruch auf \u201eBildungsurlaub\u201c f\u00fcr Auszubildende - Wurll Jasper + Kollegen","type":"rich","width":600,"height":338,"html":"<blockquote class=\"wp-embedded-content\" data-secret=\"6z0DEFrHUb\"><a href=\"https:\/\/wurll-jasper.de\/en\/testnutzer-beitrag\/\">Jetzt auch in NRW: Anspruch auf \u201eBildungsurlaub\u201c f\u00fcr Auszubildende<\/a><\/blockquote><iframe sandbox=\"allow-scripts\" security=\"restricted\" src=\"https:\/\/wurll-jasper.de\/en\/testnutzer-beitrag\/embed\/#?secret=6z0DEFrHUb\" width=\"600\" height=\"338\" title=\"&#8220;Jetzt auch in NRW: Anspruch auf \u201eBildungsurlaub\u201c f\u00fcr Auszubildende&#8221; &#8212; Wurll Jasper + Kollegen\" data-secret=\"6z0DEFrHUb\" frameborder=\"0\" marginwidth=\"0\" marginheight=\"0\" scrolling=\"no\" class=\"wp-embedded-content\"><\/iframe><script>\n\/*! This file is auto-generated *\/\n!function(d,l){\"use strict\";l.querySelector&&d.addEventListener&&\"undefined\"!=typeof URL&&(d.wp=d.wp||{},d.wp.receiveEmbedMessage||(d.wp.receiveEmbedMessage=function(e){var t=e.data;if((t||t.secret||t.message||t.value)&&!\/[^a-zA-Z0-9]\/.test(t.secret)){for(var s,r,n,a=l.querySelectorAll('iframe[data-secret=\"'+t.secret+'\"]'),o=l.querySelectorAll('blockquote[data-secret=\"'+t.secret+'\"]'),c=new RegExp(\"^https?:$\",\"i\"),i=0;i<o.length;i++)o[i].style.display=\"none\";for(i=0;i<a.length;i++)s=a[i],e.source===s.contentWindow&&(s.removeAttribute(\"style\"),\"height\"===t.message?(1e3<(r=parseInt(t.value,10))?r=1e3:~~r<200&&(r=200),s.height=r):\"link\"===t.message&&(r=new URL(s.getAttribute(\"src\")),n=new URL(t.value),c.test(n.protocol))&&n.host===r.host&&l.activeElement===s&&(d.top.location.href=t.value))}},d.addEventListener(\"message\",d.wp.receiveEmbedMessage,!1),l.addEventListener(\"DOMContentLoaded\",function(){for(var e,t,s=l.querySelectorAll(\"iframe.wp-embedded-content\"),r=0;r<s.length;r++)(t=(e=s[r]).getAttribute(\"data-secret\"))||(t=Math.random().toString(36).substring(2,12),e.src+=\"#?secret=\"+t,e.setAttribute(\"data-secret\",t)),e.contentWindow.postMessage({message:\"ready\",secret:t},\"*\")},!1)))}(window,document);\n<\/script>\n","description":"Das von Gewerkschaften lange geforderte Recht auf Bildungsurlaub auch f\u00fcr Auszubildende ist nun auch in NRW Gesetz. Am 3. Dezember 2014 hat der Nordrhein-Westf\u00e4lische Landtag eine Novellierung des AWbG NRW beschlossen. Der Anspruch der Auszubildenden ist jedoch auf f\u00fcnf Tage f\u00fcr politische Bildung w\u00e4hrend der Berufsausbildung beschr\u00e4nkt. Diese Gesetzes\u00e4nderung nehmen wir zum Anlass, den Anspruch...","thumbnail_url":"https:\/\/wurll-jasper.de\/wp-content\/uploads\/WurllJasper_Logo_188-x-110-px_01.png","thumbnail_width":197,"thumbnail_height":110}